{"id":29,"date":"2017-09-18T09:38:10","date_gmt":"2017-09-18T07:38:10","guid":{"rendered":"http:\/\/testowa.dfirma.pl\/?page_id=29"},"modified":"2017-09-18T13:31:04","modified_gmt":"2017-09-18T11:31:04","slug":"sekcja-strony-glownej","status":"publish","type":"page","link":"https:\/\/testowa.dfirma.pl\/index.php\/sekcja-strony-glownej\/","title":{"rendered":"PRAWNICY"},"content":{"rendered":"<div class=\"page-wrap\">\n<div class=\"mainzone\">\n<section id=\"page-zones__main\" class=\"bk-zone column \" data-uniqueid=\"KKcDTKvMQr3gNKc\" data-parentuniqueid=\"\">\n<div id=\"page-zones__main-widgets__content1\" class=\"widget content\" data-uniqueid=\"5fqgmkgwIwIsepn\" data-parentuniqueid=\"KKcDTKvMQr3gNKc\">\n<div class=\"bk-content-text js-text-content wysihtml-editor-content\">\n<p><strong>Czes\u0142aw Gudzowski<\/strong><\/p>\n<\/div>\n<\/div>\n<div id=\"page-zones__main-widgets__responsivecolumns\" class=\"widget responsivecolumns columns-two-25-75\" data-uniqueid=\"lhihD4YQfTNLa64\" data-parentuniqueid=\"KKcDTKvMQr3gNKc\">\n<section id=\"page-zones__main-widgets__responsivecolumns-zones__column\" class=\"bk-zone column columns-two-left\" data-uniqueid=\"vxvHYExesgkeh6b\" data-parentuniqueid=\"lhihD4YQfTNLa64\">\n<div id=\"page-zones__main-widgets__responsivecolumns-zones__column-widgets__image\" class=\"widget image\" data-uniqueid=\"DpoNsCnfFYutXqZ\" data-parentuniqueid=\"vxvHYExesgkeh6b\"><a class=\" js-pswp-image-trigger\" title=\"\" href=\"http:\/\/gudzowscy.pl\/none\" target=\"none\"> <span class=\"image-img\"> <img class=\"image js-pswp-image\" title=\"\" src=\"http:\/\/files.clickweb.home.pl\/homepl34296\/image\/m3.jpg\" alt=\"\" width=\"100%\" data-filename=\"m3.jpg\" data-filesize=\"48304\" data-path=\"\/\/files.clickweb.home.pl\/homepl34296\/image\/m3.jpg\" data-imagesize=\"275 x 185\" \/> <\/span> <\/a><\/div>\n<\/section>\n<section id=\"page-zones__main-widgets__responsivecolumns-zones__column1\" class=\"bk-zone column columns-two-right\" data-uniqueid=\"mFsEm0RKR9JqF3R\" data-parentuniqueid=\"lhihD4YQfTNLa64\">\n<div id=\"page-zones__main-widgets__responsivecolumns-zones__column1-widgets__content\" class=\"widget content\" data-uniqueid=\"gz29GdJYZgtvf0t\" data-parentuniqueid=\"mFsEm0RKR9JqF3R\">\n<div class=\"bk-content-text js-text-content wysihtml-editor-content\">\n<p><strong>Czes\u0142aw Gudzowski<\/strong>, absolwent Uniwersytetu Wroc\u0142awskiego, z\u0142o\u017cy\u0142 egzamin\u00a0 s\u0119dziowski i adwokacki, od\u00a0 1981 r. wykonuje zaw\u00f3d adwokata,\u00a0 cz\u0142onek Samorz\u0105du Okr\u0119gowej Rady Adwokackiej w Zielonej G\u00f3rze, by\u0142y Zast\u0119pca Rzecznika Dyscyplinarnego ORA w Zielonej G\u00f3rze, specjalizuje si\u0119 w prowadzeniu spraw karnych, cywilnych, rodzinnych, z zakresu prawa \u0142owieckiego oraz \u015bwiadczeniu bie\u017c\u0105cej\u00a0 obs\u0142ugi prawnej\u00a0 przedsi\u0119biorc\u00f3w.<\/p>\n<p>Posiada do\u015bwiadczenie w zakresie prowadzenia post\u0119powania likwidacyjnego\u00a0 podmiot\u00f3w gospodarczych (likwidator Zak\u0142adu Przemys\u0142u Bioweterynaryjnego Biowet i Wojew\u00f3dzkiej Kolumny Transportu Sanitarnego w Gorzowie Wlkp. i Zielonej G\u00f3rze).<\/p>\n<\/div>\n<\/div>\n<\/section>\n<\/div>\n<div id=\"page-zones__main-widgets__content2\" class=\"widget content\" data-uniqueid=\"jEr0IJW2IEZLdh0\" data-parentuniqueid=\"KKcDTKvMQr3gNKc\">\n<div class=\"bk-content-text js-text-content wysihtml-editor-content\">\n<p><strong>Stefania Gudzowska<\/strong><\/p>\n<\/div>\n<\/div>\n<div id=\"page-zones__main-widgets__responsivecolumns2\" class=\"widget responsivecolumns columns-two-25-75\" data-uniqueid=\"fN4s9UGEYdn126X\" data-parentuniqueid=\"KKcDTKvMQr3gNKc\">\n<section id=\"page-zones__main-widgets__responsivecolumns2-zones__column\" class=\"bk-zone column columns-two-left\" data-uniqueid=\"G1FUpVGY10ulE09\" data-parentuniqueid=\"fN4s9UGEYdn126X\">\n<div id=\"page-zones__main-widgets__responsivecolumns2-zones__column-widgets__image\" class=\"widget image\" data-uniqueid=\"c9cWjNV2wDkmDC8\" data-parentuniqueid=\"G1FUpVGY10ulE09\"><a class=\" js-pswp-image-trigger\" title=\"\" href=\"http:\/\/gudzowscy.pl\/none\" target=\"none\"> <span class=\"image-img\"> <img class=\"image js-pswp-image\" title=\"\" src=\"http:\/\/files.clickweb.home.pl\/homepl34296\/image\/m2.jpg\" alt=\"\" width=\"100%\" data-filename=\"m2.jpg\" data-filesize=\"33369\" data-path=\"\/\/files.clickweb.home.pl\/homepl34296\/image\/m2.jpg\" data-imagesize=\"210 x 141\" \/> <\/span> <\/a><\/div>\n<\/section>\n<section id=\"page-zones__main-widgets__responsivecolumns2-zones__column1\" class=\"bk-zone column columns-two-right\" data-uniqueid=\"85eZ9HLc9Q8url0\" data-parentuniqueid=\"fN4s9UGEYdn126X\">\n<div id=\"page-zones__main-widgets__responsivecolumns2-zones__column1-widgets__content\" class=\"widget content\" data-uniqueid=\"ltwVLgcr7ZXUmus\" data-parentuniqueid=\"85eZ9HLc9Q8url0\">\n<div class=\"bk-content-text js-text-content wysihtml-editor-content\">\n<p><strong>Stefania Gudzowska<\/strong>, absolwentka Uniwersytetu Wroc\u0142awskiego, zda\u0142a egzamin s\u0119dziowski i radcowski, od 1977 r. wykonuje zaw\u00f3d radcy prawnego, cz\u0142onek Samorz\u0105du Okr\u0119gowej Izby Radc\u00f3w Prawnych w Zielonej G\u00f3rze, pozaetatowy cz\u0142onek Samorz\u0105dowego Kolegium Odwo\u0142awczego w Gorzowie Wlkp. w latach 2001 \u2013 2010, arbiter i mediator Sta\u0142ego S\u0105du Polubownego przy OIRP w Zielonej G\u00f3rze, Zast\u0119pca Rzecznika Dyscyplinarnego OIRP w Zielonej G\u00f3rze.<\/p>\n<p>Z uwagi na wieloletni\u0105 praktyk\u0119 specjalizuje si\u0119 w prowadzeniu spraw z zakresu prawa pracy, ubezpiecze\u0144 spo\u0142ecznych, cywilnych, w szczeg\u00f3lno\u015bci odszkodowawczych za szkody wyrz\u0105dzone przez zak\u0142ady opieki zdrowotnej, prawa administracyjnego i o\u015bwiatowego, \u015bwiadczeniu obs\u0142ugi prawnej zak\u0142ad\u00f3w opieki zdrowotnej, sp\u00f3\u0142dzielni, stowarzysze\u0144 , fundacji , zwi\u0105zk\u00f3w zawodowych, przedsi\u0119biorc\u00f3w oraz jednostek organizacyjnych samorz\u0105du terytorialnego . Posiada do\u015bwiadczenie w dziedzinie nadzoru w sp\u00f3\u0142kach handlowych (cz\u0142onek rady nadzorczej).<\/p>\n<\/div>\n<\/div>\n<\/section>\n<\/div>\n<div id=\"page-zones__main-widgets__content4\" class=\"widget content\" data-uniqueid=\"0fHyyXmzY7PG2qu\" data-parentuniqueid=\"KKcDTKvMQr3gNKc\">\n<div class=\"bk-content-text js-text-content wysihtml-editor-content\">\n<p><strong>Magdalena Gudzowska-Kolczy\u0144ska<\/strong><\/p>\n<\/div>\n<\/div>\n<div id=\"page-zones__main-widgets__responsivecolumns3\" class=\"widget responsivecolumns columns-two-25-75\" data-uniqueid=\"d8a1zxZE4wWlXgw\" data-parentuniqueid=\"KKcDTKvMQr3gNKc\">\n<section id=\"page-zones__main-widgets__responsivecolumns3-zones__column\" class=\"bk-zone column columns-two-left\" data-uniqueid=\"oIr7WEbeMJWg2cs\" data-parentuniqueid=\"d8a1zxZE4wWlXgw\">\n<div id=\"page-zones__main-widgets__responsivecolumns3-zones__column-widgets__image\" class=\"widget image\" data-uniqueid=\"76OVETHt3YDpzJI\" data-parentuniqueid=\"oIr7WEbeMJWg2cs\"><a class=\" js-pswp-image-trigger\" title=\"\" href=\"http:\/\/gudzowscy.pl\/none\" target=\"none\"> <span class=\"image-img\"> <img class=\"image js-pswp-image\" title=\"\" src=\"http:\/\/files.clickweb.home.pl\/homepl34296\/image\/m4.jpg\" alt=\"\" width=\"100%\" data-filename=\"m4.jpg\" data-filesize=\"48269\" data-path=\"\/\/files.clickweb.home.pl\/homepl34296\/image\/m4.jpg\" data-imagesize=\"210 x 141\" \/> <\/span> <\/a><\/div>\n<\/section>\n<section id=\"page-zones__main-widgets__responsivecolumns3-zones__column1\" class=\"bk-zone column columns-two-right\" data-uniqueid=\"aSi7oKhTTxJxZmS\" data-parentuniqueid=\"d8a1zxZE4wWlXgw\">\n<div id=\"page-zones__main-widgets__responsivecolumns3-zones__column1-widgets__content\" class=\"widget content\" data-uniqueid=\"ZgdvnObsuqG58xc\" data-parentuniqueid=\"aSi7oKhTTxJxZmS\">\n<div class=\"bk-content-text js-text-content wysihtml-editor-content\">\n<p><strong>Magdalena Gudzowska \u2013 Kolczy\u0144ska<\/strong>\u00a0absolwentka Uniwersytetu im. Adama Mickiewicza w Poznaniu, uko\u0144czy\u0142a aplikacje adwokack\u0105 , od 2005 r. prowadzi\u0142a kancelari\u0119 adwokack\u0105 a od 2012 r. kancelari\u0119 prawn\u0105 w Gorzowie Wlkp. Cz\u0142onek Okr\u0119gowej Izby radc\u00f3w Prawnych w Zielonej G\u00f3rze. Wsp\u00f3\u0142pracowa\u0142a ze Stowarzyszeniem Pomocy Bli\u017aniemu im. Brata Krystyna w Gorzowie Wlkp.<\/p>\n<p>Specjalizuje si\u0119 w prowadzeniu spraw cywilnych, rodzinnych, administracyjnych, problemach jednostek samorz\u0105du terytorialnego,\u00a0 \u015bwiadczy bie\u017c\u0105c\u0105 pomoc prawn\u0105 przedsi\u0119biorcom, wsp\u00f3lnotom mieszkaniowym, samorz\u0105dom terytorialnym i jednostkom organizacyjnym dzia\u0142aj\u0105cym w obszarze pomocy spo\u0142ecznej, posiada du\u017ce do\u015bwiadczenie w zakresie doradztwa prawnego w ramach projekt\u00f3w finansowanych ze \u015brodk\u00f3w unii europejskiej. Znajomo\u015b\u0107 j\u0119zyka niemieckiego.<\/p>\n<\/div>\n<\/div>\n<\/section>\n<\/div>\n<\/section>\n<\/div>\n<\/div>\n","protected":false},"excerpt":{"rendered":"<p>Czes\u0142aw Gudzowski Czes\u0142aw Gudzowski, absolwent Uniwersytetu Wroc\u0142awskiego, z\u0142o\u017cy\u0142 egzamin\u00a0 s\u0119dziowski i adwokacki, od\u00a0 1981 r. wykonuje zaw\u00f3d adwokata,\u00a0 cz\u0142onek Samorz\u0105du Okr\u0119gowej Rady Adwokackiej w Zielonej G\u00f3rze, by\u0142y Zast\u0119pca Rzecznika Dyscyplinarnego ORA w Zielonej G\u00f3rze, specjalizuje si\u0119 w prowadzeniu spraw karnych, cywilnych, rodzinnych, z zakresu prawa \u0142owieckiego oraz \u015bwiadczeniu bie\u017c\u0105cej\u00a0 obs\u0142ugi prawnej\u00a0 przedsi\u0119biorc\u00f3w. Posiada do\u015bwiadczenie w [&hellip;]<\/p>\n","protected":false},"author":1,"featured_media":0,"parent":0,"menu_order":0,"comment_status":"closed","ping_status":"closed","template":"","meta":[],"_links":{"self":[{"href":"https:\/\/testowa.dfirma.pl\/index.php\/wp-json\/wp\/v2\/pages\/29"}],"collection":[{"href":"https:\/\/testowa.dfirma.pl\/index.php\/wp-json\/wp\/v2\/pages"}],"about":[{"href":"https:\/\/testowa.dfirma.pl\/index.php\/wp-json\/wp\/v2\/types\/page"}],"author":[{"embeddable":true,"href":"https:\/\/testowa.dfirma.pl\/index.php\/wp-json\/wp\/v2\/users\/1"}],"replies":[{"embeddable":true,"href":"https:\/\/testowa.dfirma.pl\/index.php\/wp-json\/wp\/v2\/comments?post=29"}],"version-history":[{"count":3,"href":"https:\/\/testowa.dfirma.pl\/index.php\/wp-json\/wp\/v2\/pages\/29\/revisions"}],"predecessor-version":[{"id":71,"href":"https:\/\/testowa.dfirma.pl\/index.php\/wp-json\/wp\/v2\/pages\/29\/revisions\/71"}],"wp:attachment":[{"href":"https:\/\/testowa.dfirma.pl\/index.php\/wp-json\/wp\/v2\/media?parent=29"}],"curies":[{"name":"wp","href":"https:\/\/api.w.org\/{rel}","templated":true}]}}